{"id":102,"date":"2020-10-30T16:39:03","date_gmt":"2020-10-30T15:39:03","guid":{"rendered":"https:\/\/dev.oekotel.com\/?page_id=102"},"modified":"2026-04-24T13:10:06","modified_gmt":"2026-04-24T11:10:06","slug":"impressum","status":"publish","type":"page","link":"https:\/\/www.oekotel.com\/?page_id=102","title":{"rendered":"Impressum"},"content":{"rendered":"\t\t<div data-elementor-type=\"wp-page\" data-elementor-id=\"102\" class=\"elementor elementor-102\" data-elementor-post-type=\"page\">\n\t\t\t\t\t\t<section class=\"elementor-section elementor-top-section elementor-element elementor-element-05a4890 elementor-section-boxed elementor-section-height-default elementor-section-height-default\" data-id=\"05a4890\" data-element_type=\"section\" data-e-type=\"section\">\n\t\t\t\t\t\t<div class=\"elementor-container elementor-column-gap-wider\">\n\t\t\t\t\t<div class=\"elementor-column elementor-col-100 elementor-top-column elementor-element elementor-element-4474fd1\" data-id=\"4474fd1\" data-element_type=\"column\" data-e-type=\"column\">\n\t\t\t<div class=\"elementor-widget-wrap elementor-element-populated\">\n\t\t\t\t\t\t<div class=\"elementor-element elementor-element-0696a48 elementor-widget elementor-widget-text-editor\" data-id=\"0696a48\" data-element_type=\"widget\" data-e-type=\"widget\" data-widget_type=\"text-editor.default\">\n\t\t\t\t<div class=\"elementor-widget-container\">\n\t\t\t\t\t\t\t\t\t<p><strong>Medieninhaber und Kontakt<\/strong><br \/>OEKOTEL Handels- und Hotelbetriebsgesellschaft m.b.H.<br \/>Kaiserallee 31, A-2102 Bisamberg<\/p><p>Reservierungsanfragen richten Sie bitte mittels Online-Reservierungsformular an das gew\u00fcnschte Hotel!<br \/>F\u00fcr alle anderen Anliegen bitten wir Sie, sich schriftlich an unsere Postadresse zu wenden!<\/p><p><strong>Mitglied der Wirtschaftskammer \u00d6sterreich<\/strong><br \/>Firmenbuchnummer: FN 94868m<br \/>Firmenbuchgericht: Handelsgericht Wien<br \/>UID-Nummer: ATU 37514301<\/p><p><strong>Unternehmensgegenstand<\/strong><br \/>F\u00fchrung von Beherbergungsbetrieben<\/p><p><strong>Beh\u00f6rde gem. ECG<\/strong><br \/>Magistratisches Bezirksamt des 21. Bezirkes<\/p><p><strong>Berufsverband<\/strong><br \/>Wirtschaftskammer \u00d6sterreich<\/p><p><strong>Haftung<\/strong><br \/>Alle Inhalte wurden sorgf\u00e4ltig gepr\u00fcft, dennoch kann keine Garantie f\u00fcr Aktualit\u00e4t, Richtigkeit und Vollst\u00e4ndigkeit der Inhalte \u00fcbernommen werden.<\/p><p>Link zu den Allgemeinen Gesch\u00e4ftsbedingungen<br \/><a href=\"http:\/\/www.hotelverband.at\" target=\"_blank\" rel=\"noopener\">http:\/\/www.hotelverband.at<\/a>, siehe Hotelvertragsrecht (AGBH)<\/p><p><strong>Email<\/strong><\/p><p>* OEKOTEL Hohenems:\u00a0<span id=\"cloak594083d47bbecec37c181207da3f2ab4\"><a href=\"mailto:hohenems@oekotel.com\">hohenems@oekotel.com<\/a><\/span><br \/>* OEKOTEL Wien Nord I:\u00a0<span id=\"cloak4469005263c6247ae82e2b24cea4c37f\"><a href=\"mailto:korneuburg@oekotel.com\">korneuburg@oekotel.com<\/a><\/span><br \/>* OEKOTEL Wien Nord II:\u00a0<span id=\"cloak95c77795b297b508d5dd766b197d16f9\"><a href=\"mailto:foehrenhain@oekotel.com\">foehrenhain@oekotel.com<\/a><\/span><br \/>* OEKOTEL Wien S\u00fcd:\u00a0<span id=\"cloakc3d752f74ad83d2b1b96aeab456e63d0\"><a href=\"mailto:traiskirchen@oekotel.com\">traiskirchen@oekotel.com<\/a><\/span><br \/>* OEKOTEL Salzburg Mitte:\u00a0<span id=\"cloakcd5dea92fff827c3cc3bfebbb7b1b625\"><a href=\"mailto:salzburg@oekotel.com\">salzburg@oekotel.com<\/a><\/span><br \/>* OEKOTEL Graz S\u00fcd\/Flughafen:\u00a0<span id=\"cloak36e027dca402d0ddfd48924ffef60f1b\"><a href=\"mailto:kalsdorf@oekotel.com\">kalsdorf@oekotel.com<\/a><\/span><br \/><span id=\"cloakdf25f9ef843881a7e2b10cdac9b9eaf2\"><\/span><\/p><p>* PETZEN CHALETS: <a href=\"mailto:info@petzencottage.com\">info@petzencottage.com<\/a><\/p><p><strong>Webdesign &amp; Entwicklung:<br \/><\/strong><a href=\"https:\/\/b83.at\" target=\"_blank\" rel=\"noopener\">b83.at :: Strategisches Online Marketing<\/a><strong><br \/><\/strong><\/p>\t\t\t\t\t\t\t\t<\/div>\n\t\t\t\t<\/div>\n\t\t\t\t\t<\/div>\n\t\t<\/div>\n\t\t\t\t\t<\/div>\n\t\t<\/section>\n\t\t\t\t<\/div>\n\t\t","protected":false},"excerpt":{"rendered":"<p>Medieninhaber und KontaktOEKOTEL Handels- und Hotelbetriebsgesellschaft m.b.H.Kaiserallee 31, A-2102 Bisamberg Reservierungsanfragen richten Sie bitte mittels Online-Reservierungsformular an das gew\u00fcnschte Hotel!F\u00fcr alle anderen Anliegen bitten wir Sie, sich schriftlich an unsere Postadresse zu wenden! Mitglied der Wirtschaftskammer \u00d6sterreichFirmenbuchnummer: FN 94868mFirmenbuchgericht: Handelsgericht WienUID-Nummer: ATU 37514301 UnternehmensgegenstandF\u00fchrung von Beherbergungsbetrieben Beh\u00f6rde gem. ECGMagistratisches Bezirksamt des 21. Bezirkes BerufsverbandWirtschaftskammer \u00d6sterreich [&hellip;]<\/p>\n","protected":false},"author":1,"featured_media":5520,"parent":0,"menu_order":0,"comment_status":"closed","ping_status":"closed","template":"","meta":{"footnotes":""},"class_list":["post-102","page","type-page","status-publish","has-post-thumbnail","hentry"],"_links":{"self":[{"href":"https:\/\/www.oekotel.com\/index.php?rest_route=\/wp\/v2\/pages\/102","targetHints":{"allow":["GET"]}}],"collection":[{"href":"https:\/\/www.oekotel.com\/index.php?rest_route=\/wp\/v2\/pages"}],"about":[{"href":"https:\/\/www.oekotel.com\/index.php?rest_route=\/wp\/v2\/types\/page"}],"author":[{"embeddable":true,"href":"https:\/\/www.oekotel.com\/index.php?rest_route=\/wp\/v2\/users\/1"}],"replies":[{"embeddable":true,"href":"https:\/\/www.oekotel.com\/index.php?rest_route=%2Fwp%2Fv2%2Fcomments&post=102"}],"version-history":[{"count":20,"href":"https:\/\/www.oekotel.com\/index.php?rest_route=\/wp\/v2\/pages\/102\/revisions"}],"predecessor-version":[{"id":3741,"href":"https:\/\/www.oekotel.com\/index.php?rest_route=\/wp\/v2\/pages\/102\/revisions\/3741"}],"wp:featuredmedia":[{"embeddable":true,"href":"https:\/\/www.oekotel.com\/index.php?rest_route=\/wp\/v2\/media\/5520"}],"wp:attachment":[{"href":"https:\/\/www.oekotel.com\/index.php?rest_route=%2Fwp%2Fv2%2Fmedia&parent=102"}],"curies":[{"name":"wp","href":"https:\/\/api.w.org\/{rel}","templated":true}]}}